{"id":188,"date":"2021-02-10T15:43:09","date_gmt":"2021-02-10T14:43:09","guid":{"rendered":"http:\/\/asta-solidarite.com\/?page_id=188"},"modified":"2025-05-08T17:59:40","modified_gmt":"2025-05-08T15:59:40","slug":"nous-rejoindre","status":"publish","type":"page","link":"https:\/\/asta-solidarite.com\/index.php\/nous-rejoindre\/","title":{"rendered":"Nous soutenir"},"content":{"rendered":"\n<p class=\"tw-mb-1 has-text-color\" style=\"color:#003fa3\"><em><span style=\"color:#88377f\" class=\"has-inline-color\">Pas besoin d&rsquo;\u00eatre un.e expert.e pour nous rejoindre ! <\/span><\/em><\/p>\n\n\n\n<p class=\"tw-mb-1 has-text-color\" style=\"color:#003fa3\"><span style=\"color:#17417c\" class=\"has-inline-color\">Il existe de nombreuses fa\u00e7ons de contribuer \u00e0 nos activit\u00e9s.\u00a0<\/span><\/p>\n\n\n\n<h4 class=\"tw-mt-5\"><span style=\"color:#47afae\" class=\"has-inline-color\">Adh\u00e9rer \/ Faire un don<\/span><\/h4>\n\n\n\n<p class=\"tw-mb-1 has-text-color\" style=\"color:#003fa3\"><span style=\"color:#17417c\" class=\"has-inline-color\">ASTA est une association \u00ab\u00a0Loi 1901\u00a0\u00bb qui ne b\u00e9n\u00e9ficie d\u2019<strong>aucun financement public<\/strong>.\u00a0<\/span><\/p>\n\n\n\n<p class=\"tw-mt-1 has-text-color\" style=\"color:#003fa3\"><span style=\"color:#17417c\" class=\"has-inline-color\">Ses <strong>ressources<\/strong> proviennent des <strong>adh\u00e9sions<\/strong> et des <strong>dons<\/strong> faits par toutes personnes physiques ou morales.<\/span><\/p>\n\n\n\n<p class=\"has-text-color\" style=\"color:#003fa3\"><span style=\"color:#17417c\" class=\"has-inline-color\">L\u2019adh\u00e9sion de base est de 10 \u20ac annuel et l\u2019adh\u00e9sion de soutien est de 20\u20ac (ou plus).<\/span><\/p>\n\n\n\n<p class=\"has-text-color\" style=\"color:#003fa3\"><span style=\"color:#17417c\" class=\"has-inline-color\">Vos dons sont les bienvenus. Consid\u00e9r\u00e9e comme <strong>Organisme d\u2019Int\u00e9r\u00eat G\u00e9n\u00e9ral,<\/strong> <strong>ASTA est autoris\u00e9e \u00e0 d\u00e9livrer des re\u00e7us fiscaux<\/strong>.<\/span><\/p>\n\n\n\n<p class=\"has-text-color\" style=\"color:#003fa3\"><span style=\"color:#17417c\" class=\"has-inline-color\">Votre adh\u00e9sion et vos dons sont pour nous un soutien fort et indispensable.<\/span><\/p>\n\n\n\n<p><\/p>\n\n\n\n<h4><span style=\"color:#47afae\" class=\"has-inline-color\">Devenir b\u00e9n\u00e9vole<\/span><\/h4>\n\n\n\n<p class=\"has-text-color\" style=\"color:#003fa3\"><span style=\"color:#17417c\" class=\"has-inline-color\">Si vous le souhaitez, vous pouvez <strong>aller plus<\/strong> <strong>loin<\/strong> dans votre engagement et <strong>devenir b\u00e9n\u00e9vole. <\/strong><\/span><\/p>\n\n\n\n<p class=\"has-text-color\" style=\"color:#003fa3\"><span style=\"color:#17417c\" class=\"has-inline-color\">Cet engagement aupr\u00e8s des personnes que nous suivons se d\u00e9cline de <strong>plusieurs mani\u00e8res<\/strong>. Vous trouverez <strong>celle qui vous convient, adapt\u00e9e \u00e0 vos disponibilit\u00e9<\/strong>s :<\/span><\/p>\n\n\n\n<div class=\"wp-block-group\"><div class=\"wp-block-group__inner-container\">\n<ul class=\"has-text-color\" style=\"color:#6f5bf3\"><li><span style=\"color:#17417c\" class=\"has-inline-color\"><strong>Accompagnement amical<\/strong> et <strong>soutien moral<\/strong>.<\/span><\/li><li><span style=\"color:#17417c\" class=\"has-inline-color\"><strong>Accompagnement administratif<\/strong>.<\/span><\/li><li><span style=\"color:#17417c\" class=\"has-inline-color\"><strong>Aide aux actions de l\u2019association<\/strong> (organisation d\u2019\u00e9v\u00e8nements festifs, culturels, distribution de colis alimentaires, de cadeaux aux enfants, go\u00fbters\u2026). Vous pouvez aussi <strong>\u00eatre<\/strong> <strong>force de proposition pour ces actions<\/strong>.<\/span><\/li><li><span style=\"color:#17417c\" class=\"has-inline-color\"><strong>Aide aux d\u00e9placements<\/strong> vers les h\u00f4pitaux, les administrations\u2026 (principalement Chamb\u00e9ry et Grenoble )<\/span><\/li><\/ul>\n<\/div><\/div>\n\n\n\n<p class=\"has-text-color\" style=\"color:#003fa3\"><em><span style=\"color:#17417c\" class=\"has-inline-color\">Retrouvez les t\u00e9moignages de nos b\u00e9n\u00e9voles<\/span> <strong><a rel=\"noreferrer noopener\" href=\"https:\/\/asta-solidarite.com\/index.php\/temoignages\/\" target=\"_blank\" data-type=\"URL\" data-id=\"https:\/\/asta-solidarite.com\/index.php\/temoignages\/\"><span style=\"color:#88377f\" class=\"has-inline-color\">par ici<\/span><\/a><\/strong> .<\/em><\/p>\n\n\n\n<p class=\"has-text-align-center has-text-color\" style=\"color:#003fa3\"><img loading=\"lazy\" width=\"271\" height=\"186\" class=\"wp-image-583\" style=\"width: 1000px;\" src=\"http:\/\/asta-solidarite.com\/wp-content\/uploads\/2022\/10\/ASTA-aide-benev.jpg\" alt=\"\"><\/p>\n\n\n\n<p class=\"has-text-color\" style=\"color:#003fa3\"><span style=\"color:#17417c\" class=\"has-inline-color\"><strong>Aucune exp\u00e9rience pr\u00e9alable n\u2019est requise<\/strong>. La formation se fait \u00ab\u00a0sur le tas\u00a0\u00bb, accompagn\u00e9s de membres aguerris de l\u2019association. Nous avons aussi construit \u00e0 votre attention <strong>un module de 2 h pour vous commenter nos actions et leur cadre<\/strong>.<\/span><\/p>\n\n\n\n<p class=\"has-text-color\" style=\"color:#003fa3\"><span style=\"color:#17417c\" class=\"has-inline-color\">Si vous souhaitez aussi approfondir vos connaissances, <strong>vous pouvez participer \u00e0 des formations<\/strong> assur\u00e9es par diff\u00e9rents organismes et sp\u00e9cialistes juridiques (formation gratuite si vous \u00eates adh\u00e9rent et b\u00e9n\u00e9vole).<\/span><strong><span style=\"color:#003fa3\" class=\"has-inline-color\"><\/span><\/strong><\/p>\n\n\n\n<p class=\"has-text-align-center has-text-color\" style=\"color:#003fa3\"><span style=\"color:#88377f\" class=\"has-inline-color\">Pr\u00eat(e) \u00e0 vous engager mais encore <strong>quelques questions ?<\/strong><\/span><span style=\"color:#17417c\" class=\"has-inline-color\"><strong> <\/strong><\/span><\/p>\n\n\n\n<p class=\"has-text-align-center has-text-color\" style=\"color:#003fa3\"><span style=\"color:#17417c\" class=\"has-inline-color\">Toutes les explications au <strong>07 69 59 14 32.<\/strong><\/span><\/p>\n\n\n\n<p class=\"has-text-align-center\"><\/p>\n\n\n\n<h4><span style=\"color:#47afae\" class=\"has-inline-color\">Participer autrement<\/span><\/h4>\n\n\n\n<p class=\"has-text-color\" style=\"color:#003fa3\"><span style=\"color:#17417c\" class=\"has-inline-color\"><strong>Vous \u00eates musicien, com\u00e9dien, interpr\u00e8te ou plus largement artiste<\/strong>, et vous \u00eates sensible \u00e0 l&rsquo;action d&rsquo;ASTA et aux valeurs qui l&rsquo;animent ?<\/span><\/p>\n\n\n\n<p class=\"has-text-color\" style=\"color:#003fa3\"><span style=\"color:#17417c\" class=\"has-inline-color\"><strong>Vous pouvez soutenir ASTA en proposant votre spectacle, votre animation<\/strong> au profit de l&rsquo;Association. <\/span><\/p>\n\n\n\n<p class=\"has-text-align-center has-text-color\" style=\"color:#003fa3\"><span style=\"color:#17417c\" class=\"has-inline-color\">Tous les renseignements au <strong>07 69 59 14 32.<\/strong><\/span><\/p>\n\n\n\n<p class=\"has-text-align-center\"><\/p>\n\n\n\n<p class=\"has-text-align-center\"><strong><a href=\"https:\/\/www.facebook.com\/AstaSolidariteAlbertville\">https:\/\/www.facebook.com\/AstaSolidariteAlbertville<\/a><\/strong><\/p>\n","protected":false},"excerpt":{"rendered":"<p>Pas besoin d&rsquo;\u00eatre un.e expert.e pour nous rejoindre ! Il existe de nombreuses fa\u00e7ons de contribuer \u00e0 nos activit\u00e9s.\u00a0 Adh\u00e9rer \/ Faire un don ASTA est une association \u00ab\u00a0Loi 1901\u00a0\u00bb qui ne b\u00e9n\u00e9ficie d\u2019aucun financement public.\u00a0 Ses ressources proviennent des adh\u00e9sions et des dons faits par toutes personnes physiques ou morales. L\u2019adh\u00e9sion de base est&hellip;<\/p>\n","protected":false},"author":1,"featured_media":0,"parent":0,"menu_order":0,"comment_status":"closed","ping_status":"closed","template":"templates\/template-full-width.php","meta":[],"_links":{"self":[{"href":"https:\/\/asta-solidarite.com\/index.php\/wp-json\/wp\/v2\/pages\/188"}],"collection":[{"href":"https:\/\/asta-solidarite.com\/index.php\/wp-json\/wp\/v2\/pages"}],"about":[{"href":"https:\/\/asta-solidarite.com\/index.php\/wp-json\/wp\/v2\/types\/page"}],"author":[{"embeddable":true,"href":"https:\/\/asta-solidarite.com\/index.php\/wp-json\/wp\/v2\/users\/1"}],"replies":[{"embeddable":true,"href":"https:\/\/asta-solidarite.com\/index.php\/wp-json\/wp\/v2\/comments?post=188"}],"version-history":[{"count":57,"href":"https:\/\/asta-solidarite.com\/index.php\/wp-json\/wp\/v2\/pages\/188\/revisions"}],"predecessor-version":[{"id":1290,"href":"https:\/\/asta-solidarite.com\/index.php\/wp-json\/wp\/v2\/pages\/188\/revisions\/1290"}],"wp:attachment":[{"href":"https:\/\/asta-solidarite.com\/index.php\/wp-json\/wp\/v2\/media?parent=188"}],"curies":[{"name":"wp","href":"https:\/\/api.w.org\/{rel}","templated":true}]}}